{"id":227,"date":"2020-09-15T06:48:29","date_gmt":"2020-09-15T06:48:29","guid":{"rendered":"http:\/\/cours.aiki-ame.com\/ftp.cluster030.hosting.ovh.net\/index.php\/about\/"},"modified":"2023-05-01T17:45:43","modified_gmt":"2023-05-01T15:45:43","slug":"about","status":"publish","type":"page","link":"https:\/\/cours.aiki-ame.com\/ftp.cluster030.hosting.ovh.net\/index.php\/about\/","title":{"rendered":"Qui sommes nous ?"},"content":{"rendered":"\n<div class=\"wp-block-cover alignfull is-light\" style=\"min-height:432px;aspect-ratio:unset;\"><span aria-hidden=\"true\" class=\"wp-block-cover__background has-background-dim\"><\/span><video class=\"wp-block-cover__video-background intrinsic-ignore\" autoplay muted loop playsinline src=\"https:\/\/cours.aiki-ame.com\/ftp.cluster030.hosting.ovh.net\/wp-content\/uploads\/2022\/09\/Ermont-Aikido.mp4\" data-object-fit=\"cover\"><\/video><div class=\"wp-block-cover__inner-container is-layout-flow wp-block-cover-is-layout-flow\">\n<h1 class=\"wp-block-heading has-text-align-center has-large-font-size\"><br>Qui sommes nous ?<\/h1>\n<\/div><\/div>\n\n\n\n<h2 class=\"wp-block-heading alignwide\">Le STAFF<\/h2>\n\n\n\n<div class=\"wp-block-columns is-layout-flex wp-container-core-columns-is-layout-1 wp-block-columns-is-layout-flex\">\n<div class=\"wp-block-column is-layout-flow wp-block-column-is-layout-flow\">\n<figure class=\"wp-block-gallery aligncenter has-nested-images columns-default is-cropped wp-block-gallery-2 is-layout-flex wp-block-gallery-is-layout-flex\">\n<figure class=\"wp-block-image size-full is-resized is-style-rounded wp-duotone-000000-ffffff-1\"><img loading=\"lazy\" decoding=\"async\" src=\"https:\/\/cours.aiki-ame.com\/ftp.cluster030.hosting.ovh.net\/wp-content\/uploads\/2022\/08\/Olivier-Schildknecht.jpg\" alt=\"\" class=\"wp-image-297\" width=\"286\" height=\"331\" srcset=\"https:\/\/cours.aiki-ame.com\/ftp.cluster030.hosting.ovh.net\/wp-content\/uploads\/2022\/08\/Olivier-Schildknecht.jpg 472w, https:\/\/cours.aiki-ame.com\/ftp.cluster030.hosting.ovh.net\/wp-content\/uploads\/2022\/08\/Olivier-Schildknecht-259x300.jpg 259w\" sizes=\"auto, (max-width: 286px) 100vw, 286px\" \/><figcaption class=\"wp-element-caption\">Olivier Schildknecht, 3\u00e8me dan<br>Enseignant<\/figcaption><\/figure>\n<\/figure>\n<\/div>\n\n\n\n<div class=\"wp-block-column is-layout-flow wp-block-column-is-layout-flow\">\n<figure class=\"wp-block-gallery has-nested-images columns-default is-cropped wp-block-gallery-4 is-layout-flex wp-block-gallery-is-layout-flex\">\n<figure class=\"wp-block-image size-full is-resized is-style-rounded wp-duotone-000000-ffffff-3\"><img loading=\"lazy\" decoding=\"async\" src=\"https:\/\/cours.aiki-ame.com\/ftp.cluster030.hosting.ovh.net\/wp-content\/uploads\/2022\/08\/Pascal-Genaille.jpg\" alt=\"\" class=\"wp-image-296\" width=\"286\" height=\"331\"\/><figcaption class=\"wp-element-caption\">Pascal Genaille, 5\u00e8me dan<br>Enseignant responsable<\/figcaption><\/figure>\n<\/figure>\n<\/div>\n\n\n\n<div class=\"wp-block-column is-layout-flow wp-block-column-is-layout-flow\">\n<figure class=\"wp-block-gallery alignright has-nested-images columns-default is-cropped wp-block-gallery-6 is-layout-flex wp-block-gallery-is-layout-flex\">\n<figure class=\"wp-block-image size-full is-resized is-style-rounded wp-duotone-000000-ffffff-5\"><img loading=\"lazy\" decoding=\"async\" src=\"https:\/\/cours.aiki-ame.com\/ftp.cluster030.hosting.ovh.net\/wp-content\/uploads\/2022\/09\/20190312_Interclubs_LPB-ASC_3482-Le-Plessis-Bouchard-border-1024x792.jpg\" alt=\"\" class=\"wp-image-691\" width=\"286\" height=\"331\"\/><figcaption class=\"wp-element-caption\">Pascal Rulence, 3\u00e8me dan<br>Enseignant<\/figcaption><\/figure>\n<\/figure>\n<\/div>\n<\/div>\n\n\n\n<div class=\"wp-block-columns is-layout-flex wp-container-core-columns-is-layout-2 wp-block-columns-is-layout-flex\">\n<div class=\"wp-block-column is-layout-flow wp-block-column-is-layout-flow\">\n<figure class=\"wp-block-gallery has-nested-images columns-default is-cropped wp-block-gallery-8 is-layout-flex wp-block-gallery-is-layout-flex\">\n<figure class=\"wp-block-image size-large is-style-rounded wp-duotone-000000-ffffff-7\"><img loading=\"lazy\" decoding=\"async\" width=\"683\" height=\"1026\" src=\"https:\/\/cours.aiki-ame.com\/ftp.cluster030.hosting.ovh.net\/wp-content\/uploads\/2022\/08\/20191119_Bessancourt-ASC_8749-Bessancourt-border.jpg\" alt=\"\" class=\"wp-image-160\" srcset=\"https:\/\/cours.aiki-ame.com\/ftp.cluster030.hosting.ovh.net\/wp-content\/uploads\/2022\/08\/20191119_Bessancourt-ASC_8749-Bessancourt-border.jpg 683w, https:\/\/cours.aiki-ame.com\/ftp.cluster030.hosting.ovh.net\/wp-content\/uploads\/2022\/08\/20191119_Bessancourt-ASC_8749-Bessancourt-border-200x300.jpg 200w, https:\/\/cours.aiki-ame.com\/ftp.cluster030.hosting.ovh.net\/wp-content\/uploads\/2022\/08\/20191119_Bessancourt-ASC_8749-Bessancourt-border-682x1024.jpg 682w\" sizes=\"auto, (max-width: 683px) 100vw, 683px\" \/><figcaption class=\"wp-element-caption\">Jeff Timmel, 1er dan<br>Enseignant<\/figcaption><\/figure>\n<\/figure>\n<\/div>\n\n\n\n<div class=\"wp-block-column is-layout-flow wp-block-column-is-layout-flow\">\n<figure class=\"wp-block-gallery aligncenter has-nested-images columns-default is-cropped wp-block-gallery-9 is-layout-flex wp-block-gallery-is-layout-flex\"><\/figure>\n<\/div>\n\n\n\n<div class=\"wp-block-column is-layout-flow wp-block-column-is-layout-flow\">\n<figure class=\"wp-block-gallery alignright has-nested-images columns-default is-cropped wp-block-gallery-11 is-layout-flex wp-block-gallery-is-layout-flex\">\n<figure class=\"wp-block-image size-large is-style-rounded wp-duotone-000000-ffffff-10\"><img loading=\"lazy\" decoding=\"async\" width=\"511\" height=\"768\" src=\"https:\/\/cours.aiki-ame.com\/ftp.cluster030.hosting.ovh.net\/wp-content\/uploads\/2022\/08\/Aikitaijutsu-2013-10-Ermont-6.jpg\" alt=\"\" class=\"wp-image-100\" srcset=\"https:\/\/cours.aiki-ame.com\/ftp.cluster030.hosting.ovh.net\/wp-content\/uploads\/2022\/08\/Aikitaijutsu-2013-10-Ermont-6.jpg 511w, https:\/\/cours.aiki-ame.com\/ftp.cluster030.hosting.ovh.net\/wp-content\/uploads\/2022\/08\/Aikitaijutsu-2013-10-Ermont-6-200x300.jpg 200w\" sizes=\"auto, (max-width: 511px) 100vw, 511px\" \/><figcaption class=\"wp-element-caption\">C\u00e9line Rena, 3\u00e8me dan, <br>Responsable administrative et enseignante<\/figcaption><\/figure>\n<\/figure>\n<\/div>\n<\/div>\n\n\n\n<div class=\"inherit-container-width wp-block-group alignfull has-white-background-color has-background is-layout-constrained wp-block-group-is-layout-constrained\">\n<div class=\"wp-block-media-text has-media-on-the-right is-stacked-on-mobile is-vertically-aligned-top alignwide\" style=\"grid-template-columns:auto 45%\"><div class=\"wp-block-media-text__content\">\n<h2 class=\"wp-block-heading\">Notre histoire<\/h2>\n\n\n\n<p><strong><em>Un a\u00efkido martial inspir\u00e9 du style de Ma\u00eetre Tadashi Abe.<\/em><\/strong><\/p>\n\n\n\n<p class=\"has-text-align-left\">La section A\u00efkido de l\u2019Association \u00ab Arts martiaux Ermontois \u00bb est l\u2019h\u00e9riti\u00e8re de l&rsquo;association \u00ab\u00a0Cercle de Judo et d&rsquo;Arts Martiaux d&rsquo;Ermont\u00a0\u00bb (C.J.A.M.E.), qui fut cr\u00e9\u00e9e en 1962 par Ma\u00eetre JEAN DELFORGE, pionnier du Judo en France et pr\u00e9curseur de l&rsquo;A\u00efkido fran\u00e7ais.<br>C&rsquo;est une des plus anciennes associations sportives Ermontoises. Elle est devenue \u00ab\u00a0Arts Martiaux Ermontois\u00a0\u00bb (A.M.E.) en 2005. Aujourd&rsquo;hui, c&rsquo;est une association tr\u00e8s diversifi\u00e9e. La pratique s&rsquo;effectue au Dojo Municipal et notre association compte en moyenne 400 adh\u00e9rents annuels pour les cinq disciplines propos\u00e9es: Judo, A\u00efkido, Viet vo dao, Karat\u00e9 contact.<\/p>\n\n\n\n<p class=\"has-text-align-left\">En 2003, Pascal GENAILLE (5\u00e8me DAN) a repris le cours \u00e0 la suite de Jean-Pierre LE PIERRES, il poursuit depuis la tradition de l&rsquo;a\u00efkido au DOJO d&rsquo;Ermont selon le style de Ma\u00eetre Tadashi Abe (\u963f\u90e8 \u6b63) transmis par son Ma\u00eetre.<\/p>\n\n\n\n<p class=\"has-text-align-left\">Sense\u00ef Jean-Pierre LE PIERRES, pour sa part et jusqu\u2019\u00e0 sa disparition en 2016, est rest\u00e9 Pr\u00e9sident et expert de l\u2019\u00e9cole A.R.A (A\u00efkita\u00ef-Jutsu Ryu Abe) \u00e0 laquelle \u00e9tait  rattach\u00e9 le club d&rsquo;Ermont.<\/p>\n\n\n\n<p class=\"has-text-align-left\">Le club a ensuite poursuivi sa route en compagnie de la f\u00e9d\u00e9ration <a href=\"https:\/\/www.cfabw.fr\/\">E.A.T.A (Ecole d&rsquo;A\u00efkido Tadashi Abe)<\/a>, fond\u00e9e par Alain DEBAERE, \u00e9galement \u00e9l\u00e8ve de Jean-Pierre Le Pierr\u00e8s.<\/p>\n\n\n\n<div class=\"wp-block-group is-horizontal is-nowrap is-layout-flex wp-container-core-group-is-layout-2 wp-block-group-is-layout-flex\">\n<div class=\"wp-block-group has-small-font-size is-content-justification-center is-nowrap is-layout-flex wp-container-core-group-is-layout-1 wp-block-group-is-layout-flex\">\n<figure class=\"wp-block-image size-full is-resized is-style-rounded\"><img loading=\"lazy\" decoding=\"async\" src=\"https:\/\/cours.aiki-ame.com\/ftp.cluster030.hosting.ovh.net\/wp-content\/uploads\/2022\/09\/image.gif\" alt=\"\" class=\"wp-image-772\" width=\"190\" height=\"237\"\/><figcaption class=\"wp-element-caption\">Ma\u00eetre Jean Delforge <br>fondateur du club<\/figcaption><\/figure>\n\n\n\n<figure class=\"wp-block-image aligncenter size-large is-resized is-style-rounded\"><img loading=\"lazy\" decoding=\"async\" src=\"https:\/\/cours.aiki-ame.com\/ftp.cluster030.hosting.ovh.net\/wp-content\/uploads\/2022\/09\/JPL-old2-edited-scaled.jpg\" alt=\"\" class=\"wp-image-778\" width=\"257\" height=\"257\" srcset=\"https:\/\/cours.aiki-ame.com\/ftp.cluster030.hosting.ovh.net\/wp-content\/uploads\/2022\/09\/JPL-old2-edited-scaled.jpg 2560w, https:\/\/cours.aiki-ame.com\/ftp.cluster030.hosting.ovh.net\/wp-content\/uploads\/2022\/09\/JPL-old2-edited-300x300.jpg 300w, https:\/\/cours.aiki-ame.com\/ftp.cluster030.hosting.ovh.net\/wp-content\/uploads\/2022\/09\/JPL-old2-edited-1024x1024.jpg 1024w, https:\/\/cours.aiki-ame.com\/ftp.cluster030.hosting.ovh.net\/wp-content\/uploads\/2022\/09\/JPL-old2-edited-150x150.jpg 150w, https:\/\/cours.aiki-ame.com\/ftp.cluster030.hosting.ovh.net\/wp-content\/uploads\/2022\/09\/JPL-old2-edited-768x768.jpg 768w, https:\/\/cours.aiki-ame.com\/ftp.cluster030.hosting.ovh.net\/wp-content\/uploads\/2022\/09\/JPL-old2-edited-1536x1536.jpg 1536w, https:\/\/cours.aiki-ame.com\/ftp.cluster030.hosting.ovh.net\/wp-content\/uploads\/2022\/09\/JPL-old2-edited-2048x2048.jpg 2048w\" sizes=\"auto, (max-width: 257px) 100vw, 257px\" \/><figcaption class=\"wp-element-caption\">Ma\u00eetre Jean-Pierre Le Pierr\u00e8s<\/figcaption><\/figure>\n\n\n\n<figure class=\"wp-block-image aligncenter size-large is-resized is-style-rounded\"><img loading=\"lazy\" decoding=\"async\" src=\"https:\/\/cours.aiki-ame.com\/ftp.cluster030.hosting.ovh.net\/wp-content\/uploads\/2022\/09\/PG-old1-edited.jpg\" alt=\"\" class=\"wp-image-779\" width=\"257\" height=\"257\" srcset=\"https:\/\/cours.aiki-ame.com\/ftp.cluster030.hosting.ovh.net\/wp-content\/uploads\/2022\/09\/PG-old1-edited.jpg 2428w, https:\/\/cours.aiki-ame.com\/ftp.cluster030.hosting.ovh.net\/wp-content\/uploads\/2022\/09\/PG-old1-edited-300x300.jpg 300w, https:\/\/cours.aiki-ame.com\/ftp.cluster030.hosting.ovh.net\/wp-content\/uploads\/2022\/09\/PG-old1-edited-1024x1024.jpg 1024w, https:\/\/cours.aiki-ame.com\/ftp.cluster030.hosting.ovh.net\/wp-content\/uploads\/2022\/09\/PG-old1-edited-150x150.jpg 150w, https:\/\/cours.aiki-ame.com\/ftp.cluster030.hosting.ovh.net\/wp-content\/uploads\/2022\/09\/PG-old1-edited-768x768.jpg 768w, https:\/\/cours.aiki-ame.com\/ftp.cluster030.hosting.ovh.net\/wp-content\/uploads\/2022\/09\/PG-old1-edited-1536x1536.jpg 1536w, https:\/\/cours.aiki-ame.com\/ftp.cluster030.hosting.ovh.net\/wp-content\/uploads\/2022\/09\/PG-old1-edited-2048x2048.jpg 2048w\" sizes=\"auto, (max-width: 257px) 100vw, 257px\" \/><figcaption class=\"wp-element-caption\">Pascal Genaille &#8211; Enseignant actuel<\/figcaption><\/figure>\n<\/div>\n<\/div>\n<\/div><figure class=\"wp-block-media-text__media\"><img loading=\"lazy\" decoding=\"async\" width=\"329\" height=\"349\" src=\"https:\/\/cours.aiki-ame.com\/ftp.cluster030.hosting.ovh.net\/wp-content\/uploads\/2022\/08\/Tadashi-Abe.jpg\" alt=\"\" class=\"wp-image-290 size-full\" srcset=\"https:\/\/cours.aiki-ame.com\/ftp.cluster030.hosting.ovh.net\/wp-content\/uploads\/2022\/08\/Tadashi-Abe.jpg 329w, https:\/\/cours.aiki-ame.com\/ftp.cluster030.hosting.ovh.net\/wp-content\/uploads\/2022\/08\/Tadashi-Abe-283x300.jpg 283w\" sizes=\"auto, (max-width: 329px) 100vw, 329px\" \/><\/figure><\/div>\n<\/div>\n\n\n\n<div class=\"inherit-container-width wp-block-group alignfull has-ast-global-color-4-background-color has-background is-layout-constrained wp-block-group-is-layout-constrained\">\n<h2 class=\"wp-block-heading alignwide\">NOTRE PHILOSOPHIE<\/h2>\n\n\n\n<div class=\"wp-block-columns alignwide is-layout-flex wp-container-core-columns-is-layout-4 wp-block-columns-is-layout-flex\">\n<div class=\"wp-block-column is-layout-flow wp-block-column-is-layout-flow\">\n<h4 class=\"wp-block-heading\">La convivialit\u00e9 avant tout<\/h4>\n\n\n\n<p>La pratique de l&rsquo;a\u00efkido permet de neutraliser une agression en rendant l&rsquo;attaquant inoffensif. Il n&rsquo;y a pas d&rsquo;opposition physique. Tout le monde peut apprendre et pratiquer, quelque soit l&rsquo;\u00e2ge, la forme physique, la force, le poids&#8230;. <\/p>\n\n\n\n<p>Nos s\u00e9ances sont ouvertes aux d\u00e9butants et aux pratiquants plus exp\u00e9riment\u00e9s et se d\u00e9roulent dans un cadre de respect mutuel.<\/p>\n<\/div>\n\n\n\n<div class=\"wp-block-column is-layout-flow wp-block-column-is-layout-flow\">\n<h4 class=\"wp-block-heading\">Nos valeurs<\/h4>\n\n\n\n<p>Respect de l&rsquo;autre et accompagnement guident notre pratique. <br><\/p>\n\n\n\n<div class=\"wp-block-columns is-layout-flex wp-container-core-columns-is-layout-3 wp-block-columns-is-layout-flex\">\n<div class=\"wp-block-column is-layout-flow wp-block-column-is-layout-flow\">\n<figure class=\"wp-block-image size-large wp-duotone-000000-ffffff-12\"><img loading=\"lazy\" decoding=\"async\" width=\"1024\" height=\"641\" src=\"https:\/\/cours.aiki-ame.com\/ftp.cluster030.hosting.ovh.net\/wp-content\/uploads\/2022\/09\/20190323_StageOuvertBessancourt-ASC_3915-Bessancourt-border-edited-1024x641.jpg\" alt=\"\" class=\"wp-image-687\" srcset=\"https:\/\/cours.aiki-ame.com\/ftp.cluster030.hosting.ovh.net\/wp-content\/uploads\/2022\/09\/20190323_StageOuvertBessancourt-ASC_3915-Bessancourt-border-edited-1024x641.jpg 1024w, https:\/\/cours.aiki-ame.com\/ftp.cluster030.hosting.ovh.net\/wp-content\/uploads\/2022\/09\/20190323_StageOuvertBessancourt-ASC_3915-Bessancourt-border-edited-300x188.jpg 300w, https:\/\/cours.aiki-ame.com\/ftp.cluster030.hosting.ovh.net\/wp-content\/uploads\/2022\/09\/20190323_StageOuvertBessancourt-ASC_3915-Bessancourt-border-edited-768x481.jpg 768w, https:\/\/cours.aiki-ame.com\/ftp.cluster030.hosting.ovh.net\/wp-content\/uploads\/2022\/09\/20190323_StageOuvertBessancourt-ASC_3915-Bessancourt-border-edited.jpg 1281w\" sizes=\"auto, (max-width: 1024px) 100vw, 1024px\" \/><\/figure>\n<\/div>\n<\/div>\n<\/div>\n<\/div>\n<\/div>\n\n\n\n<p><\/p>\n","protected":false},"excerpt":{"rendered":"<p>Le STAFF Notre histoire Un a\u00efkido martial inspir\u00e9 du style de Ma\u00eetre Tadashi Abe. La section A\u00efkido de l\u2019Association \u00ab Arts martiaux Ermontois \u00bb est l\u2019h\u00e9riti\u00e8re de l&rsquo;association \u00ab\u00a0Cercle de &hellip;<\/p>\n<p class=\"read-more\"> <a class=\"\" href=\"https:\/\/cours.aiki-ame.com\/ftp.cluster030.hosting.ovh.net\/index.php\/about\/\"> <span class=\"screen-reader-text\">Qui sommes nous ?<\/span> Lire la suite\u00a0\u00bb<\/a><\/p>\n","protected":false},"author":1,"featured_media":0,"parent":0,"menu_order":0,"comment_status":"closed","ping_status":"closed","template":"","meta":{"_uag_custom_page_level_css":"","site-sidebar-layout":"no-sidebar","site-content-layout":"plain-container","ast-global-header-display":"","ast-main-header-display":"","ast-hfb-above-header-display":"","ast-hfb-below-header-display":"","ast-hfb-mobile-header-display":"","site-post-title":"disabled","ast-breadcrumbs-content":"","ast-featured-img":"disabled","footer-sml-layout":"","theme-transparent-header-meta":"enabled","adv-header-id-meta":"","stick-header-meta":"","header-above-stick-meta":"","header-main-stick-meta":"","header-below-stick-meta":"","footnotes":""},"class_list":["post-227","page","type-page","status-publish","hentry"],"uagb_featured_image_src":{"full":false,"thumbnail":false,"medium":false,"medium_large":false,"large":false,"1536x1536":false,"2048x2048":false},"uagb_author_info":{"display_name":"admin6521","author_link":"https:\/\/cours.aiki-ame.com\/ftp.cluster030.hosting.ovh.net\/index.php\/author\/admin6521\/"},"uagb_comment_info":0,"uagb_excerpt":"Le STAFF Notre histoire Un a\u00efkido martial inspir\u00e9 du style de Ma\u00eetre Tadashi Abe. La section A\u00efkido de l\u2019Association \u00ab Arts martiaux Ermontois \u00bb est l\u2019h\u00e9riti\u00e8re de l&rsquo;association \u00ab\u00a0Cercle de &hellip; Qui sommes nous ? Lire la suite\u00a0\u00bb","_links":{"self":[{"href":"https:\/\/cours.aiki-ame.com\/ftp.cluster030.hosting.ovh.net\/index.php\/wp-json\/wp\/v2\/pages\/227","targetHints":{"allow":["GET"]}}],"collection":[{"href":"https:\/\/cours.aiki-ame.com\/ftp.cluster030.hosting.ovh.net\/index.php\/wp-json\/wp\/v2\/pages"}],"about":[{"href":"https:\/\/cours.aiki-ame.com\/ftp.cluster030.hosting.ovh.net\/index.php\/wp-json\/wp\/v2\/types\/page"}],"author":[{"embeddable":true,"href":"https:\/\/cours.aiki-ame.com\/ftp.cluster030.hosting.ovh.net\/index.php\/wp-json\/wp\/v2\/users\/1"}],"replies":[{"embeddable":true,"href":"https:\/\/cours.aiki-ame.com\/ftp.cluster030.hosting.ovh.net\/index.php\/wp-json\/wp\/v2\/comments?post=227"}],"version-history":[{"count":42,"href":"https:\/\/cours.aiki-ame.com\/ftp.cluster030.hosting.ovh.net\/index.php\/wp-json\/wp\/v2\/pages\/227\/revisions"}],"predecessor-version":[{"id":1028,"href":"https:\/\/cours.aiki-ame.com\/ftp.cluster030.hosting.ovh.net\/index.php\/wp-json\/wp\/v2\/pages\/227\/revisions\/1028"}],"wp:attachment":[{"href":"https:\/\/cours.aiki-ame.com\/ftp.cluster030.hosting.ovh.net\/index.php\/wp-json\/wp\/v2\/media?parent=227"}],"curies":[{"name":"wp","href":"https:\/\/api.w.org\/{rel}","templated":true}]}}